{"id":101724,"date":"2026-07-27T18:14:00","date_gmt":"2026-07-27T16:14:00","guid":{"rendered":"https:\/\/atelier-blanche.paris\/?page_id=101724"},"modified":"2026-09-01T17:36:00","modified_gmt":"2026-09-01T15:36:00","slug":"campagne-2027","status":"publish","type":"page","link":"https:\/\/atelier-blanche.paris\/index.php\/campagne-2027\/","title":{"rendered":"Campagne 2027"},"content":{"rendered":"\n\t\t<div id=\"team\"  data-column-margin=\"default\" data-midnight=\"dark\" data-top-percent=\"5%\" data-bottom-percent=\"5%\"  class=\"wpb_row vc_row-fluid vc_row full-width-content vc_row-o-equal-height vc_row-flex vc_row-o-content-top  right_padding_6pct left_padding_6pct top_padding_tablet_10pct bottom_padding_tablet_10pct\"  style=\"padding-top: calc(100vw * 0.05); padding-bottom: calc(100vw * 0.05); \"><div class=\"row-bg-wrap\" data-bg-animation=\"none\" data-bg-overlay=\"false\"><div class=\"inner-wrap\"><div class=\"row-bg viewport-desktop\"  style=\"\"><\/div><\/div><\/div><div class=\"row_col_wrap_12 col span_12 dark left\">\n\t<div  class=\"vc_col-sm-12 wpb_column column_container vc_column_container col has-animation no-extra-padding inherit_tablet inherit_phone \"  data-padding-pos=\"all\" data-has-bg-color=\"false\" data-bg-color=\"\" data-bg-opacity=\"1\" data-animation=\"fade-in-from-bottom\" data-delay=\"0\" >\n\t\t<div class=\"vc_column-inner\" >\n\t\t\t<div class=\"wpb_wrapper\">\n\t\t\t\t<div class=\"nectar-split-heading  font_size_tablet_9vw font_size_phone_10vw \" data-align=\"default\" data-m-align=\"inherit\" data-text-effect=\"letter-reveal-bottom\" data-animation-type=\"line-reveal-by-space\" data-animation-delay=\"0\" data-animation-offset=\"\" data-m-rm-animation=\"true\" data-stagger=\"true\" data-custom-font-size=\"true\" style=\"font-size: 5vw; line-height: 5.5vw;\"><h1 style=\" color: #0a0a0a;\">Campagne 2027<\/h1><\/div><div class=\"nectar-split-heading \" data-align=\"default\" data-m-align=\"inherit\" data-text-effect=\"none\" data-animation-type=\"line-reveal-by-space\" data-animation-delay=\"0\" data-animation-offset=\"\" data-m-rm-animation=\"\" data-stagger=\"\" data-custom-font-size=\"true\" style=\"font-size: 3vw; line-height: 3.3vw;\"><h2 ><\/h2><\/div><div class=\"nectar-split-heading  font_size_tablet_18px font_size_phone_16px font_line_height_1-7 \" data-align=\"default\" data-m-align=\"inherit\" data-text-effect=\"none\" data-animation-type=\"line-reveal-by-space\" data-animation-delay=\"0\" data-animation-offset=\"\" data-m-rm-animation=\"\" data-stagger=\"\" data-custom-font-size=\"true\" style=\"font-size: 1.1vw; line-height: 1.21vw;\"><p >Pour cette nouvelle collection, BLANCHE imagine une mari\u00e9e \u00e0 contre-courant des repr\u00e9sentations classiques.<br \/>\nLes bustiers prennent de nouvelles proportions, les drap\u00e9s embl\u00e9matiques de la Maison se complexifient, tandis que soies sauvages brod\u00e9es, organzas, dentelles de Calais et de Chantilly r\u00e9v\u00e8lent toute la richesse du travail de la mati\u00e8re.<br \/>\nEntre un d\u00e9cor lunaire aux contrastes marqu\u00e9s et un ciel d\u2019orage aux lumi\u00e8res diffuses, les dix-neuf looks \u00e9voluent dans un univers \u00e0 la fois myst\u00e9rieux et lumineux.<\/p>\n<p>Une collection qui c\u00e9l\u00e8bre une f\u00e9minit\u00e9 puissante, sensible et contemporaine, loin des codes attendus du vestiaire bridal.<\/p><\/div>\n\t\t\t<\/div> \n\t\t<\/div>\n\t<\/div> \n<\/div><\/div>\n\t\t<div id=\"fws_6a978486173a0\"  data-column-margin=\"default\" data-midnight=\"dark\" data-top-percent=\"0%\" data-bottom-percent=\"0%\"  class=\"wpb_row vc_row-fluid vc_row full-width-content vc_row-o-equal-height vc_row-flex vc_row-o-content-top\"  style=\"padding-top: calc(100vw * 0.00); padding-bottom: calc(100vw * 0.00); \"><div class=\"row-bg-wrap\" data-bg-animation=\"none\" data-bg-overlay=\"false\"><div class=\"inner-wrap\"><div class=\"row-bg viewport-desktop\"  style=\"\"><\/div><\/div><\/div><div class=\"row_col_wrap_12 col span_12 dark left\">\n\t<div  class=\"vc_col-sm-12 wpb_column column_container vc_column_container col no-extra-padding inherit_tablet inherit_phone \"  data-padding-pos=\"all\" data-has-bg-color=\"false\" data-bg-color=\"\" data-bg-opacity=\"1\" data-animation=\"\" data-delay=\"0\" >\n\t\t<div class=\"vc_column-inner\" >\n\t\t\t<div class=\"wpb_wrapper\">\n\t\t\t\t<div id=\"fws_6a9784861792f\" data-midnight=\"\" data-column-margin=\"default\" class=\"wpb_row vc_row-fluid vc_row inner_row vc_row-o-equal-height vc_row-flex vc_row-o-content-bottom\"  style=\"\"><div class=\"row-bg-wrap\"> <div class=\"row-bg\" ><\/div> <\/div><div class=\"row_col_wrap_12_inner col span_12  left\">\n\t<div  class=\"vc_col-sm-4 wpb_column column_container vc_column_container col child_column has-animation padding-1-percent inherit_tablet inherit_phone \"   data-padding-pos=\"all\" data-has-bg-color=\"false\" data-bg-color=\"\" data-bg-opacity=\"1\" data-animation=\"grow-in\" data-delay=\"0\" >\n\t\t<div class=\"vc_column-inner\" >\n\t\t<div class=\"wpb_wrapper\">\n\t\t\t<div class=\"team-member\" data-style=\"bio_fullscreen\"><div class=\"team-member-image\"><div class=\"team-member-image-inner\"><img loading=\"lazy\" decoding=\"async\" src=\"https:\/\/atelier-blanche.paris\/wp-content\/uploads\/2026\/08\/ATELIER_BLANCHE48212-correction-copy-1-scaled.jpg\" width=\"500\" height=\"500\" alt=\"\" \/><\/div><\/div><div class=\"team-member-overlay\"><\/div>\n    <div class=\"team-meta\"><h3>SALMA \u2022 TATIANA<\/h3><p><\/p><div class=\"arrow-end fa fa-angle-right\"><\/div><div class=\"arrow-line\"><\/div><\/div>\n    <div class=\"nectar_team_bio_img\" data-img-src=\"https:\/\/atelier-blanche.paris\/wp-content\/uploads\/2026\/07\/Capture-decran-2026-07-27-a-15.47.12.png\"><\/div>\n    <div class=\"nectar_team_bio\">\n<p style=\"text-align: left\"><strong data-start=\"96\" data-end=\"104\">Salma<\/strong><br data-start=\"104\" data-end=\"107\" \/>Enti\u00e8rement drap\u00e9 \u00e0 la main, ce bustier en mousseline de soie met en lumi\u00e8re tout le savoir-faire de l&rsquo;atelier. Sa construction \u00e9pouse la taille avant de se d\u00e9gager d\u00e9licatement au niveau des hanches, cr\u00e9ant une ligne architecturale qui accentue visuellement la finesse de la taille et sublime la silhouette.<br \/>\n<strong data-start=\"109\" data-end=\"122\">Tatiana<\/strong><br data-start=\"122\" data-end=\"125\" \/>Confectionn\u00e9e en dentelle de Calais Chantilly, cette jupe pr\u00e8s du corps \u00e9pouse d\u00e9licatement les courbes et met en valeur la silhouette avec \u00e9l\u00e9gance. Sa doublure couleur peau r\u00e9v\u00e8le toute la finesse du dessin de la dentelle et lui conf\u00e8re une allure r\u00e9solument moderne. Pour un rendu plus classique, elle peut \u00e9galement \u00eatre r\u00e9alis\u00e9e avec une doublure ivoire.<\/p>\n<div class=\"bottom_meta\"><\/div><\/div>\n    <\/div>\n\t\t<\/div> \n\t<\/div>\n\t<\/div> \n\n\t<div  class=\"vc_col-sm-4 wpb_column column_container vc_column_container col child_column has-animation padding-1-percent inherit_tablet inherit_phone \"   data-padding-pos=\"all\" data-has-bg-color=\"false\" data-bg-color=\"\" data-bg-opacity=\"1\" data-animation=\"grow-in\" data-delay=\"100\" >\n\t\t<div class=\"vc_column-inner\" >\n\t\t<div class=\"wpb_wrapper\">\n\t\t\t<div class=\"team-member\" data-style=\"bio_fullscreen\"><div class=\"team-member-image\"><div class=\"team-member-image-inner\"><img loading=\"lazy\" decoding=\"async\" src=\"https:\/\/atelier-blanche.paris\/wp-content\/uploads\/2026\/08\/ATELIER_BLANCHE47429-scaled.jpg\" width=\"500\" height=\"500\" alt=\"\" \/><\/div><\/div><div class=\"team-member-overlay\"><\/div>\n    <div class=\"team-meta\"><h3>SUZANNE \u2022 EMILIE<\/h3><p><\/p><div class=\"arrow-end fa fa-angle-right\"><\/div><div class=\"arrow-line\"><\/div><\/div>\n    <div class=\"nectar_team_bio_img\" data-img-src=\"https:\/\/atelier-blanche.paris\/wp-content\/uploads\/2026\/08\/ATELIER_BLANCHE47513-scaled.jpg\"><\/div>\n    <div class=\"nectar_team_bio\"><strong data-start=\"107\" data-end=\"115\">Suzanne<br \/>\n<\/strong>Le bustier Suzanne est la pi\u00e8ce embl\u00e9matique de la collection. Sa construction architecturale, qui souligne la taille avant de se d\u00e9gager au niveau des hanches, dessine une silhouette structur\u00e9e et affine visuellement les proportions.Enti\u00e8rement r\u00e9alis\u00e9 en dentelle de Lyon, il est sublim\u00e9 par un travail d&rsquo;incrustation effectu\u00e9 \u00e0 la main, t\u00e9moignant d&rsquo;un savoir-faire d&rsquo;exception. Chaque d\u00e9tail est pens\u00e9 comme une v\u00e9ritable pi\u00e8ce de haute couture, faisant de ce bustier un v\u00e9ritable bijou.<br \/>\n<strong data-start=\"105\" data-end=\"112\">Emilie<br \/>\n<\/strong>La jupe \u00c9milie est un classique de la Maison. D\u00e9clin\u00e9e en cr\u00eape de soie ou en satin de soie, elle \u00e9pouse parfaitement la silhouette et r\u00e9v\u00e8le une allure \u00e0 la fois structur\u00e9e et minimaliste.<\/p>\n<div class=\"bottom_meta\"><\/div><\/div>\n    <\/div>\n\t\t<\/div> \n\t<\/div>\n\t<\/div> \n\n\t<div  class=\"vc_col-sm-4 wpb_column column_container vc_column_container col child_column has-animation padding-1-percent inherit_tablet inherit_phone \"   data-padding-pos=\"all\" data-has-bg-color=\"false\" data-bg-color=\"\" data-bg-opacity=\"1\" data-animation=\"grow-in\" data-delay=\"200\" >\n\t\t<div class=\"vc_column-inner\" >\n\t\t<div class=\"wpb_wrapper\">\n\t\t\t<div class=\"team-member\" data-style=\"bio_fullscreen\"><div class=\"team-member-image\"><div class=\"team-member-image-inner\"><img loading=\"lazy\" decoding=\"async\" src=\"https:\/\/atelier-blanche.paris\/wp-content\/uploads\/2026\/08\/ATELIER_BLANCHE47192-scaled.jpg\" width=\"500\" height=\"500\" alt=\"\" \/><\/div><\/div><div class=\"team-member-overlay\"><\/div>\n    <div class=\"team-meta\"><h3>JADE<\/h3><p><\/p><div class=\"arrow-end fa fa-angle-right\"><\/div><div class=\"arrow-line\"><\/div><\/div>\n    <div class=\"nectar_team_bio_img\" data-img-src=\"https:\/\/atelier-blanche.paris\/wp-content\/uploads\/2026\/08\/ATELIER_BLANCHE47135-scaled.jpg\"><\/div>\n    <div class=\"nectar_team_bio\">La robe Jade est une cr\u00e9ation de caract\u00e8re, o\u00f9 l&rsquo;inspiration des silhouettes d&rsquo;\u00e9poque rencontre une vision r\u00e9solument contemporaine de la haute couture. Son bustier en soie sauvage, \u00e0 la pointe d\u00e9licatement dessin\u00e9e, allonge visuellement le buste et souligne la taille avec \u00e9l\u00e9gance.Sa jupe fronc\u00e9e, g\u00e9n\u00e9reusement volumineuse, cr\u00e9e un jeu de proportions qui accentue encore davantage la finesse de la taille et sublime la silhouette.<div class=\"bottom_meta\"><\/div><\/div>\n    <\/div>\n\t\t<\/div> \n\t<\/div>\n\t<\/div> \n<\/div><\/div><div id=\"fws_6a9784861a880\" data-midnight=\"\" data-column-margin=\"default\" class=\"wpb_row vc_row-fluid vc_row inner_row vc_row-o-equal-height vc_row-flex vc_row-o-content-bottom\"  style=\"\"><div class=\"row-bg-wrap\"> <div class=\"row-bg\" ><\/div> <\/div><div class=\"row_col_wrap_12_inner col span_12  left\">\n\t<div  class=\"vc_col-sm-4 wpb_column column_container vc_column_container col child_column has-animation padding-1-percent inherit_tablet inherit_phone \"   data-padding-pos=\"all\" data-has-bg-color=\"false\" data-bg-color=\"\" data-bg-opacity=\"1\" data-animation=\"grow-in\" data-delay=\"0\" >\n\t\t<div class=\"vc_column-inner\" >\n\t\t<div class=\"wpb_wrapper\">\n\t\t\t<div class=\"team-member\" data-style=\"bio_fullscreen\"><div class=\"team-member-image\"><div class=\"team-member-image-inner\"><img loading=\"lazy\" decoding=\"async\" src=\"https:\/\/atelier-blanche.paris\/wp-content\/uploads\/2026\/08\/ATELIER_BLANCHE47314-scaled.jpg\" width=\"500\" height=\"500\" alt=\"\" \/><\/div><\/div><div class=\"team-member-overlay\"><\/div>\n    <div class=\"team-meta\"><h3>VALENCIA<\/h3><p><\/p><div class=\"arrow-end fa fa-angle-right\"><\/div><div class=\"arrow-line\"><\/div><\/div>\n    <div class=\"nectar_team_bio_img\" data-img-src=\"https:\/\/atelier-blanche.paris\/wp-content\/uploads\/2026\/08\/ATELIER_BLANCHE47351-scaled.jpg\"><\/div>\n    <div class=\"nectar_team_bio\">\n<div class=\"page\" title=\"Page 2\">\n<div class=\"section\">\n<div class=\"layoutArea\">\n<div class=\"column\">\n<p>La robe Valencia incarne une silhouette r\u00e9solument moderne. Coup\u00e9e enti\u00e8rement dans le biais, elle \u00e9pouse naturellement les courbes du corps et offre un tomb\u00e9 fluide d&rsquo;une grande \u00e9l\u00e9gance.Inspir\u00e9e de la robe Annie de la saison pr\u00e9c\u00e9dente, cette nouvelle interpr\u00e9tation a \u00e9t\u00e9 enrichie d&rsquo;un travail de galons soigneusement incrust\u00e9s, apportant caract\u00e8re et sophistication \u00e0 la silhouette. De d\u00e9licates quilles en dentelle de Calais Chantilly viennent sublimer le bas de la robe, cr\u00e9ant un volume a\u00e9rien et un mouvement spectaculaire \u00e0 chacun de vos pas.<\/p>\n<\/div>\n<\/div>\n<\/div>\n<\/div>\n<div class=\"bottom_meta\"><\/div><\/div>\n    <\/div>\n\t\t<\/div> \n\t<\/div>\n\t<\/div> \n\n\t<div  class=\"vc_col-sm-4 wpb_column column_container vc_column_container col child_column has-animation padding-1-percent inherit_tablet inherit_phone \"   data-padding-pos=\"all\" data-has-bg-color=\"false\" data-bg-color=\"\" data-bg-opacity=\"1\" data-animation=\"grow-in\" data-delay=\"100\" >\n\t\t<div class=\"vc_column-inner\" >\n\t\t<div class=\"wpb_wrapper\">\n\t\t\t<div class=\"team-member\" data-style=\"bio_fullscreen\"><div class=\"team-member-image\"><div class=\"team-member-image-inner\"><img loading=\"lazy\" decoding=\"async\" src=\"https:\/\/atelier-blanche.paris\/wp-content\/uploads\/2026\/08\/ATELIER_BLANCHE48868-scaled.jpg\" width=\"500\" height=\"500\" alt=\"\" \/><\/div><\/div><div class=\"team-member-overlay\"><\/div>\n    <div class=\"team-meta\"><h3>DARIA \u00b7 VERA<\/h3><p><\/p><div class=\"arrow-end fa fa-angle-right\"><\/div><div class=\"arrow-line\"><\/div><\/div>\n    <div class=\"nectar_team_bio_img\" data-img-src=\"https:\/\/atelier-blanche.paris\/wp-content\/uploads\/2026\/08\/ATELIER_BLANCHE48833-scaled.jpg\"><\/div>\n    <div class=\"nectar_team_bio\">\n<div class=\"page\" title=\"Page 2\">\n<div class=\"section\">\n<div class=\"layoutArea\">\n<div class=\"column\">\n<p><strong>Daria<br \/>\n<\/strong>Top bustier en soie sauvage drap\u00e9e, aux coques sculpt\u00e9es qui soulignent d\u00e9licatement la poitrine. Une pi\u00e8ce graphique et f\u00e9minine, sublim\u00e9e par la douceur et la texture naturelle de la soie.<br \/>\n<strong>Vera<br \/>\n<\/strong>La jupe Vera est confectionn\u00e9e en soie sauvage brod\u00e9e, une mati\u00e8re embl\u00e9matique que les cr\u00e9atrices de la Maison affectionnent tout particuli\u00e8rement. Son caract\u00e8re unique, \u00e0 la fois vintage et r\u00e9solument contemporain, s\u00e9duit par son tomb\u00e9 incomparable et sa texture authentique.Les motifs brod\u00e9s apportent une touche de modernit\u00e9 et mettent en valeur toute la richesse du tissu. Avec son volume spectaculaire, la jupe Vera cr\u00e9e une silhouette majestueuse et incarne l&rsquo;\u00e9quilibre parfait entre tradition, innovation et savoir-faire couture.<\/p>\n<\/div>\n<\/div>\n<\/div>\n<\/div>\n<div class=\"bottom_meta\"><\/div><\/div>\n    <\/div>\n\t\t<\/div> \n\t<\/div>\n\t<\/div> \n\n\t<div  class=\"vc_col-sm-4 wpb_column column_container vc_column_container col child_column has-animation padding-1-percent inherit_tablet inherit_phone \"   data-padding-pos=\"all\" data-has-bg-color=\"false\" data-bg-color=\"\" data-bg-opacity=\"1\" data-animation=\"grow-in\" data-delay=\"200\" >\n\t\t<div class=\"vc_column-inner\" >\n\t\t<div class=\"wpb_wrapper\">\n\t\t\t<div class=\"team-member\" data-style=\"bio_fullscreen\"><div class=\"team-member-image\"><div class=\"team-member-image-inner\"><img loading=\"lazy\" decoding=\"async\" src=\"https:\/\/atelier-blanche.paris\/wp-content\/uploads\/2026\/08\/ATELIER_BLANCHE48929-scaled.jpg\" width=\"500\" height=\"500\" alt=\"\" \/><\/div><\/div><div class=\"team-member-overlay\"><\/div>\n    <div class=\"team-meta\"><h3>YSEULT \u00b7 SIXTINE \u00b7 SIMONA<\/h3><p><\/p><div class=\"arrow-end fa fa-angle-right\"><\/div><div class=\"arrow-line\"><\/div><\/div>\n    <div class=\"nectar_team_bio_img\" data-img-src=\"https:\/\/atelier-blanche.paris\/wp-content\/uploads\/2026\/08\/ATELIER_BLANCHE48997-scaled.jpg\"><\/div>\n    <div class=\"nectar_team_bio\">\n<div class=\"page\" title=\"Page 3\">\n<div class=\"section\">\n<div class=\"layoutArea\">\n<div class=\"column\">\n<p><strong>Yseult<br \/>\n<\/strong>Depuis les premi\u00e8res collections Blanche, le top Yseult s\u2019est impos\u00e9 comme une silhouette signature de la Maison. Pens\u00e9 comme une pi\u00e8ce forte, il revisite l\u2019univers romantique avec une allure r\u00e9solument contemporaine.Son organza de soie brod\u00e9 d\u00e9voile un travail d\u00e9licat de mati\u00e8re, tandis que ses manches bouffantes aux poignets resserr\u00e9s apportent une dimension sculpturale et une pr\u00e9sence unique \u00e0 la silhouette. \u00c0 la fois spectaculaire et facile \u00e0 porter, le top Yseult incarne cette rencontre ch\u00e8re \u00e0 Blanche : l\u2019h\u00e9ritage couture associ\u00e9 \u00e0 une vision moderne de la mari\u00e9e.<br \/>\n<strong>Sixtine<\/strong><br \/>\nCeinture corset d\u2019inspiration vintage en soie sauvage brod\u00e9e, pens\u00e9e comme une v\u00e9ritable pi\u00e8ce de structure. Sa construction sculpturale vient souligner la taille et redessiner la silhouette, tandis que la richesse de la broderie r\u00e9v\u00e8le toute la noblesse de la mati\u00e8re. Entre h\u00e9ritage couture et modernit\u00e9, cette pi\u00e8ce apporte caract\u00e8re et \u00e9l\u00e9gance \u00e0 la silhouette.<br \/>\n<strong>Simona<br \/>\n<\/strong>Jupe volumineuse en organza de soie brod\u00e9, qui apporte une silhouette \u00e0 la fois romantique et couture. Son volume g\u00e9n\u00e9reux cr\u00e9e un effet a\u00e9rien et vaporeux, tandis que la finesse de l\u2019organza r\u00e9v\u00e8le toute la d\u00e9licatesse de la broderie. Une pi\u00e8ce qui joue sur la l\u00e9g\u00e8ret\u00e9 et la beaut\u00e9 du mouvement.<\/p>\n<\/div>\n<\/div>\n<\/div>\n<\/div>\n<div class=\"bottom_meta\"><\/div><\/div>\n    <\/div>\n\t\t<\/div> \n\t<\/div>\n\t<\/div> \n<\/div><\/div><div id=\"fws_6a9784861cdc6\" data-midnight=\"\" data-column-margin=\"default\" class=\"wpb_row vc_row-fluid vc_row inner_row vc_row-o-equal-height vc_row-flex vc_row-o-content-bottom\"  style=\"\"><div class=\"row-bg-wrap\"> <div class=\"row-bg\" ><\/div> <\/div><div class=\"row_col_wrap_12_inner col span_12  left\">\n\t<div  class=\"vc_col-sm-4 wpb_column column_container vc_column_container col child_column has-animation padding-1-percent inherit_tablet inherit_phone \"   data-padding-pos=\"all\" data-has-bg-color=\"false\" data-bg-color=\"\" data-bg-opacity=\"1\" data-animation=\"grow-in\" data-delay=\"0\" >\n\t\t<div class=\"vc_column-inner\" >\n\t\t<div class=\"wpb_wrapper\">\n\t\t\t<div class=\"team-member\" data-style=\"bio_fullscreen\"><div class=\"team-member-image\"><div class=\"team-member-image-inner\"><img loading=\"lazy\" decoding=\"async\" src=\"https:\/\/atelier-blanche.paris\/wp-content\/uploads\/2026\/08\/ATELIER_BLANCHE48613-scaled.jpg\" width=\"500\" height=\"500\" alt=\"\" \/><\/div><\/div><div class=\"team-member-overlay\"><\/div>\n    <div class=\"team-meta\"><h3>EDITH \u2022 VERA<\/h3><p><\/p><div class=\"arrow-end fa fa-angle-right\"><\/div><div class=\"arrow-line\"><\/div><\/div>\n    <div class=\"nectar_team_bio_img\" data-img-src=\"https:\/\/atelier-blanche.paris\/wp-content\/uploads\/2026\/08\/ATELIER_BLANCHE48542-scaled.jpg\"><\/div>\n    <div class=\"nectar_team_bio\"><strong>Edith<\/strong><br \/>\nBustier en soie sauvage brod\u00e9e d\u2019un travail nid d\u2019abeille au motif fleur r\u00e9p\u00e9t\u00e9, enti\u00e8rement r\u00e9alis\u00e9 \u00e0 la main. Une pi\u00e8ce de haute couture o\u00f9 la noblesse de la mati\u00e8re rencontre la finesse du travail artisanal.<br \/>\n<strong>Vera<\/strong><br \/>\nLa jupe Vera est confectionn\u00e9e en soie sauvage brod\u00e9e, une mati\u00e8re embl\u00e9matique que les cr\u00e9atrices de la Maison affectionnent tout particuli\u00e8rement. Son caract\u00e8re unique, \u00e0 la fois vintage et r\u00e9solument contemporain, s\u00e9duit par son tomb\u00e9 incomparable et sa texture authentique.Les motifs brod\u00e9s apportent une touche de modernit\u00e9 et mettent en valeur toute la richesse du tissu. Avec son volume spectaculaire, la jupe Vera cr\u00e9e une silhouette majestueuse et incarne l&rsquo;\u00e9quilibre parfait entre tradition, innovation et savoir-faire couture.<div class=\"bottom_meta\"><\/div><\/div>\n    <\/div>\n\t\t<\/div> \n\t<\/div>\n\t<\/div> \n\n\t<div  class=\"vc_col-sm-4 wpb_column column_container vc_column_container col child_column has-animation padding-1-percent inherit_tablet inherit_phone \"   data-padding-pos=\"all\" data-has-bg-color=\"false\" data-bg-color=\"\" data-bg-opacity=\"1\" data-animation=\"grow-in\" data-delay=\"100\" >\n\t\t<div class=\"vc_column-inner\" >\n\t\t<div class=\"wpb_wrapper\">\n\t\t\t<div class=\"team-member\" data-style=\"bio_fullscreen\"><div class=\"team-member-image\"><div class=\"team-member-image-inner\"><img loading=\"lazy\" decoding=\"async\" src=\"https:\/\/atelier-blanche.paris\/wp-content\/uploads\/2026\/08\/ATELIER_BLANCHE48676-scaled.jpg\" width=\"500\" height=\"500\" alt=\"\" \/><\/div><\/div><div class=\"team-member-overlay\"><\/div>\n    <div class=\"team-meta\"><h3>OLGA<\/h3><p><\/p><div class=\"arrow-end fa fa-angle-right\"><\/div><div class=\"arrow-line\"><\/div><\/div>\n    <div class=\"nectar_team_bio_img\" data-img-src=\"https:\/\/atelier-blanche.paris\/wp-content\/uploads\/2026\/08\/ATELIER_BLANCHE48819-scaled.jpg\"><\/div>\n    <div class=\"nectar_team_bio\">Robe en triple organza de soie, sublim\u00e9e par une encolure Bardot en dentelle de Lyon qui d\u00e9voile d\u00e9licatement les \u00e9paules. Le haut, enti\u00e8rement travaill\u00e9 en dentelle de Lyon, r\u00e9v\u00e8le la finesse et la richesse de cette mati\u00e8re pr\u00e9cieuse.La jupe en organza de soie est orn\u00e9e d\u2019incrustations de dentelle de Lyon, d\u00e9licatement d\u00e9coup\u00e9es et appliqu\u00e9es \u00e0 la main, cr\u00e9ant un jeu subtil de transparence et de relief. Une cr\u00e9ation o\u00f9 la l\u00e9g\u00e8ret\u00e9 de l\u2019organza rencontre la pr\u00e9cision d\u2019un travail artisanal d\u2019exception.<div class=\"bottom_meta\"><\/div><\/div>\n    <\/div>\n\t\t<\/div> \n\t<\/div>\n\t<\/div> \n\n\t<div  class=\"vc_col-sm-4 wpb_column column_container vc_column_container col child_column has-animation padding-1-percent inherit_tablet inherit_phone \"   data-padding-pos=\"all\" data-has-bg-color=\"false\" data-bg-color=\"\" data-bg-opacity=\"1\" data-animation=\"grow-in\" data-delay=\"200\" >\n\t\t<div class=\"vc_column-inner\" >\n\t\t<div class=\"wpb_wrapper\">\n\t\t\t<div class=\"team-member\" data-style=\"bio_fullscreen\"><div class=\"team-member-image\"><div class=\"team-member-image-inner\"><img loading=\"lazy\" decoding=\"async\" src=\"https:\/\/atelier-blanche.paris\/wp-content\/uploads\/2026\/08\/ATELIER_BLANCHE49847-scaled.jpg\" width=\"500\" height=\"500\" alt=\"\" \/><\/div><\/div><div class=\"team-member-overlay\"><\/div>\n    <div class=\"team-meta\"><h3>NORA<\/h3><p><\/p><div class=\"arrow-end fa fa-angle-right\"><\/div><div class=\"arrow-line\"><\/div><\/div>\n    <div class=\"nectar_team_bio_img\" data-img-src=\"https:\/\/atelier-blanche.paris\/wp-content\/uploads\/2026\/08\/ATELIER_BLANCHE49780-scaled.jpg\"><\/div>\n    <div class=\"nectar_team_bio\">Robe b\u00e9nitier en cr\u00eape de soie \u00e0 encolure droite et dos plongeant, une silhouette minimaliste aux lignes \u00e9pur\u00e9es. Le tomb\u00e9 fluide du cr\u00eape de soie sublime naturellement la silhouette, tandis que le drap\u00e9 b\u00e9nitier apporte une touche de sophistication. Une cr\u00e9ation r\u00e9solument moderne, o\u00f9 la simplicit\u00e9 devient l\u2019expression d\u2019une \u00e9l\u00e9gance intemporelle.<strong><br \/>\n<\/strong><div class=\"bottom_meta\"><\/div><\/div>\n    <\/div>\n\t\t<\/div> \n\t<\/div>\n\t<\/div> \n<\/div><\/div><div id=\"fws_6a9784861f2aa\" data-midnight=\"\" data-column-margin=\"default\" class=\"wpb_row vc_row-fluid vc_row inner_row vc_row-o-equal-height vc_row-flex vc_row-o-content-bottom\"  style=\"\"><div class=\"row-bg-wrap\"> <div class=\"row-bg\" ><\/div> <\/div><div class=\"row_col_wrap_12_inner col span_12  left\">\n\t<div  class=\"vc_col-sm-4 wpb_column column_container vc_column_container col child_column has-animation padding-1-percent inherit_tablet inherit_phone \"   data-padding-pos=\"all\" data-has-bg-color=\"false\" data-bg-color=\"\" data-bg-opacity=\"1\" data-animation=\"grow-in\" data-delay=\"0\" >\n\t\t<div class=\"vc_column-inner\" >\n\t\t<div class=\"wpb_wrapper\">\n\t\t\t<div class=\"team-member\" data-style=\"bio_fullscreen\"><div class=\"team-member-image\"><div class=\"team-member-image-inner\"><img loading=\"lazy\" decoding=\"async\" src=\"https:\/\/atelier-blanche.paris\/wp-content\/uploads\/2026\/08\/ATELIER_BLANCHE49545-scaled.jpg\" width=\"500\" height=\"500\" alt=\"\" \/><\/div><\/div><div class=\"team-member-overlay\"><\/div>\n    <div class=\"team-meta\"><h3>ANGELE \u2022 LOULOU \u2022 LAURENE<\/h3><p><\/p><div class=\"arrow-end fa fa-angle-right\"><\/div><div class=\"arrow-line\"><\/div><\/div>\n    <div class=\"nectar_team_bio_img\" data-img-src=\"https:\/\/atelier-blanche.paris\/wp-content\/uploads\/2026\/08\/ATELIER_BLANCHE49545-scaled.jpg\"><\/div>\n    <div class=\"nectar_team_bio\"><strong data-start=\"96\" data-end=\"104\">Ang\u00e8le<\/strong><br data-start=\"104\" data-end=\"107\" \/>Manche en triple organza de soie, structur\u00e9e par trois points de resserrage en nid d\u2019abeille r\u00e9alis\u00e9s \u00e0 la main. Un travail d\u00e9licat qui apporte relief et caract\u00e8re \u00e0 cette pi\u00e8ce tout en pr\u00e9servant la l\u00e9g\u00e8ret\u00e9 de la mati\u00e8re.<br \/>\n<b>Loulou\u00a0<\/b><br data-start=\"105\" data-end=\"108\" \/>Top \u00e0 bretelles en triple organza de soie travaill\u00e9 en nid d\u2019abeille \u00e0 la main. Une pi\u00e8ce couture o\u00f9 la finesse du travail artisanal vient sublimer la l\u00e9g\u00e8ret\u00e9 et la transparence de la mati\u00e8re.<br \/>\n<strong data-start=\"105\" data-end=\"112\">Laur\u00e8ne<\/strong><br data-start=\"112\" data-end=\"115\" \/>Jupe pr\u00e8s du corps en mousseline de soie travaill\u00e9e en smock\u00e9, offrant un effet textur\u00e9 unique. Le travail du smock apporte du relief \u00e0 la mati\u00e8re tout en soulignant d\u00e9licatement la silhouette<div class=\"bottom_meta\"><\/div><\/div>\n    <\/div>\n\t\t<\/div> \n\t<\/div>\n\t<\/div> \n\n\t<div  class=\"vc_col-sm-4 wpb_column column_container vc_column_container col child_column has-animation padding-1-percent inherit_tablet inherit_phone \"   data-padding-pos=\"all\" data-has-bg-color=\"false\" data-bg-color=\"\" data-bg-opacity=\"1\" data-animation=\"grow-in\" data-delay=\"100\" >\n\t\t<div class=\"vc_column-inner\" >\n\t\t<div class=\"wpb_wrapper\">\n\t\t\t<div class=\"team-member\" data-style=\"bio_fullscreen\"><div class=\"team-member-image\"><div class=\"team-member-image-inner\"><img loading=\"lazy\" decoding=\"async\" src=\"https:\/\/atelier-blanche.paris\/wp-content\/uploads\/2026\/08\/ATELIER_BLANCHE47611-scaled.jpg\" width=\"500\" height=\"500\" alt=\"\" \/><\/div><\/div><div class=\"team-member-overlay\"><\/div>\n    <div class=\"team-meta\"><h3>SUZANNE EMILIE CALLISTO<\/h3><p><\/p><div class=\"arrow-end fa fa-angle-right\"><\/div><div class=\"arrow-line\"><\/div><\/div>\n    <div class=\"nectar_team_bio_img\" data-img-src=\"https:\/\/atelier-blanche.paris\/wp-content\/uploads\/2026\/08\/ATELIER_BLANCHE47722-scaled.jpg\"><\/div>\n    <div class=\"nectar_team_bio\"><strong>Suzanne<br \/>\n<\/strong>Le bustier Suzanne est la pi\u00e8ce embl\u00e9matique de la collection. Sa construction architecturale, qui souligne la taille avant de se d\u00e9gager au niveau des hanches, dessine une silhouette structur\u00e9e et affine visuellement les proportions.Enti\u00e8rement r\u00e9alis\u00e9 en dentelle de Lyon, il est sublim\u00e9 par un travail d&rsquo;incrustation effectu\u00e9 \u00e0 la main, t\u00e9moignant d&rsquo;un savoir-faire d&rsquo;exception. Chaque d\u00e9tail est pens\u00e9 comme une v\u00e9ritable pi\u00e8ce de haute couture, faisant de ce bustier un v\u00e9ritable bijou.<br \/>\n<strong>Emilie<br \/>\n<\/strong>La jupe \u00c9milie est un classique de la Maison. D\u00e9clin\u00e9e en cr\u00eape de soie ou en satin de soie, elle \u00e9pouse parfaitement la silhouette et r\u00e9v\u00e8le une allure \u00e0 la fois structur\u00e9e et minimaliste.<br \/>\n<strong>Callisto<br \/>\n<\/strong>Top en organza de soie aux manches bouffantes, sublim\u00e9es par une finition en froufrou de dentelle de Lyon. Ce travail d\u00e9licat apporte un volume spectaculaire au bas des manches et souligne la l\u00e9g\u00e8ret\u00e9 de l\u2019organza.<div class=\"bottom_meta\"><\/div><\/div>\n    <\/div>\n\t\t<\/div> \n\t<\/div>\n\t<\/div> \n\n\t<div  class=\"vc_col-sm-4 wpb_column column_container vc_column_container col child_column has-animation padding-1-percent inherit_tablet inherit_phone \"   data-padding-pos=\"all\" data-has-bg-color=\"false\" data-bg-color=\"\" data-bg-opacity=\"1\" data-animation=\"grow-in\" data-delay=\"200\" >\n\t\t<div class=\"vc_column-inner\" >\n\t\t<div class=\"wpb_wrapper\">\n\t\t\t<div class=\"team-member\" data-style=\"bio_fullscreen\"><div class=\"team-member-image\"><div class=\"team-member-image-inner\"><img loading=\"lazy\" decoding=\"async\" src=\"https:\/\/atelier-blanche.paris\/wp-content\/uploads\/2026\/08\/ATELIER_BLANCHE48334-scaled.jpg\" width=\"500\" height=\"500\" alt=\"\" \/><\/div><\/div><div class=\"team-member-overlay\"><\/div>\n    <div class=\"team-meta\"><h3>SYBILLE \u2022 TATIANA<\/h3><p><\/p><div class=\"arrow-end fa fa-angle-right\"><\/div><div class=\"arrow-line\"><\/div><\/div>\n    <div class=\"nectar_team_bio_img\" data-img-src=\"https:\/\/atelier-blanche.paris\/wp-content\/uploads\/2026\/08\/ATELIER_BLANCHE48275-scaled.jpg\"><\/div>\n    <div class=\"nectar_team_bio\"><strong>Sybille<\/strong><br \/>\nBustier \u00e0 bretelles en dentelle de Calais Chantilly, une pi\u00e8ce qui r\u00e9v\u00e8le toute la d\u00e9licatesse et la finesse de cette mati\u00e8re embl\u00e9matique. Doubl\u00e9 d\u2019une couleur chair pour sublimer le dessin de la dentelle et cr\u00e9er un effet de transparence subtil, il peut \u00e9galement \u00eatre r\u00e9alis\u00e9 avec une doublure ivoire pour une interpr\u00e9tation plus classique.<br \/>\n<strong>Tatiana<\/strong><br data-start=\"122\" data-end=\"125\" \/>Confectionn\u00e9e en dentelle de Calais Chantilly, cette jupe pr\u00e8s du corps \u00e9pouse d\u00e9licatement les courbes et met en valeur la silhouette avec \u00e9l\u00e9gance. Sa doublure couleur peau r\u00e9v\u00e8le toute la finesse du dessin de la dentelle et lui conf\u00e8re une allure r\u00e9solument moderne. Pour un rendu plus classique, elle peut \u00e9galement \u00eatre r\u00e9alis\u00e9e avec une doublure ivoire.<div class=\"bottom_meta\"><\/div><\/div>\n    <\/div>\n\t\t<\/div> \n\t<\/div>\n\t<\/div> \n<\/div><\/div><div id=\"fws_6a978486217f3\" data-midnight=\"\" data-column-margin=\"default\" class=\"wpb_row vc_row-fluid vc_row inner_row vc_row-o-equal-height vc_row-flex vc_row-o-content-bottom\"  style=\"\"><div class=\"row-bg-wrap\"> <div class=\"row-bg\" ><\/div> <\/div><div class=\"row_col_wrap_12_inner col span_12  left\">\n\t<div  class=\"vc_col-sm-4 wpb_column column_container vc_column_container col child_column has-animation padding-1-percent inherit_tablet inherit_phone \"   data-padding-pos=\"all\" data-has-bg-color=\"false\" data-bg-color=\"\" data-bg-opacity=\"1\" data-animation=\"grow-in\" data-delay=\"0\" >\n\t\t<div class=\"vc_column-inner\" >\n\t\t<div class=\"wpb_wrapper\">\n\t\t\t<div class=\"team-member\" data-style=\"bio_fullscreen\"><div class=\"team-member-image\"><div class=\"team-member-image-inner\"><img loading=\"lazy\" decoding=\"async\" src=\"https:\/\/atelier-blanche.paris\/wp-content\/uploads\/2026\/08\/ATELIER_BLANCHE49119-correction-scaled.jpg\" width=\"500\" height=\"500\" alt=\"\" \/><\/div><\/div><div class=\"team-member-overlay\"><\/div>\n    <div class=\"team-meta\"><h3>YSEULT \u2022 JUDITH \u2022 INDIA<\/h3><p><\/p><div class=\"arrow-end fa fa-angle-right\"><\/div><div class=\"arrow-line\"><\/div><\/div>\n    <div class=\"nectar_team_bio_img\" data-img-src=\"https:\/\/atelier-blanche.paris\/wp-content\/uploads\/2026\/08\/ATELIER_BLANCHE49097-scaled.jpg\"><\/div>\n    <div class=\"nectar_team_bio\">\n<p data-start=\"109\" data-end=\"322\"><strong data-start=\"109\" data-end=\"117\">Yseult<\/strong><br data-start=\"117\" data-end=\"120\" \/>Depuis les premi\u00e8res collections Blanche, le top Yseult s\u2019est impos\u00e9 comme une silhouette signature de la Maison. Pens\u00e9 comme une pi\u00e8ce forte, il revisite l\u2019univers romantique avec une allure r\u00e9solument contemporaine.Son organza de soie brod\u00e9 d\u00e9voile un travail d\u00e9licat de mati\u00e8re, tandis que ses manches bouffantes aux poignets resserr\u00e9s apportent une dimension sculpturale et une pr\u00e9sence unique \u00e0 la silhouette. \u00c0 la fois spectaculaire et facile \u00e0 porter, le top Yseult incarne cette rencontre ch\u00e8re \u00e0 Blanche : l\u2019h\u00e9ritage couture associ\u00e9 \u00e0 une vision moderne de la mari\u00e9e.<br \/>\n<strong>Judith<br \/>\n<\/strong>Veste sans manches en soie sauvage brod\u00e9e, une pi\u00e8ce qui r\u00e9v\u00e8le toute la richesse et le caract\u00e8re de cette mati\u00e8re noble. La finesse de la broderie apporte relief et sophistication \u00e0 la silhouette, pour une cr\u00e9ation \u00e0 la fois \u00e9l\u00e9gante et contemporaine.<br \/>\n<strong>India<br \/>\n<\/strong>Culotte d\u2019inspiration vintage en soie sauvage brod\u00e9e, une pi\u00e8ce qui revisite l\u2019\u00e9l\u00e9gance des silhouettes d\u2019antan avec une approche contemporaine.<\/p>\n<div class=\"bottom_meta\"><\/div><\/div>\n    <\/div>\n\t\t<\/div> \n\t<\/div>\n\t<\/div> \n\n\t<div  class=\"vc_col-sm-4 wpb_column column_container vc_column_container col child_column has-animation padding-1-percent inherit_tablet inherit_phone \"   data-padding-pos=\"all\" data-has-bg-color=\"false\" data-bg-color=\"\" data-bg-opacity=\"1\" data-animation=\"grow-in\" data-delay=\"100\" >\n\t\t<div class=\"vc_column-inner\" >\n\t\t<div class=\"wpb_wrapper\">\n\t\t\t<div class=\"team-member\" data-style=\"bio_fullscreen\"><div class=\"team-member-image\"><div class=\"team-member-image-inner\"><img loading=\"lazy\" decoding=\"async\" src=\"https:\/\/atelier-blanche.paris\/wp-content\/uploads\/2026\/08\/ATELIER_BLANCHE47935-1-scaled.jpg\" width=\"500\" height=\"500\" alt=\"\" \/><\/div><\/div><div class=\"team-member-overlay\"><\/div>\n    <div class=\"team-meta\"><h3>YASMINA \u2022 CALLISTO \u2022 FILIPPA<\/h3><p><\/p><div class=\"arrow-end fa fa-angle-right\"><\/div><div class=\"arrow-line\"><\/div><\/div>\n    <div class=\"nectar_team_bio_img\" data-img-src=\"https:\/\/atelier-blanche.paris\/wp-content\/uploads\/2026\/08\/ATELIER_BLANCHE48067-1-scaled.jpg\"><\/div>\n    <div class=\"nectar_team_bio\"><strong>Yasmina<\/strong><br \/>\nTop bustier crois\u00e9 en mousseline de soie, enti\u00e8rement drap\u00e9 \u00e0 la main. Son jeu de croisements vient souligner la taille et cr\u00e9er une silhouette plus affin\u00e9e, tout en apportant un mouvement couture \u00e0 la pi\u00e8ce.<br \/>\n<strong>Callisto<\/strong><br \/>\nTop en organza de soie aux manches bouffantes, sublim\u00e9es par une finition en froufrou de dentelle de Lyon. Ce travail d\u00e9licat apporte un volume spectaculaire au bas des manches et souligne la l\u00e9g\u00e8ret\u00e9 de l\u2019organza.<br \/>\n<strong>Filippa<\/strong><br \/>\nJupe pr\u00e8s du corps en dentelle de Lyon, pens\u00e9e pour r\u00e9v\u00e9ler la silhouette avec \u00e9l\u00e9gance.<div class=\"bottom_meta\"><\/div><\/div>\n    <\/div>\n\t\t<\/div> \n\t<\/div>\n\t<\/div> \n\n\t<div  class=\"vc_col-sm-4 wpb_column column_container vc_column_container col child_column has-animation padding-1-percent inherit_tablet inherit_phone \"   data-padding-pos=\"all\" data-has-bg-color=\"false\" data-bg-color=\"\" data-bg-opacity=\"1\" data-animation=\"grow-in\" data-delay=\"200\" >\n\t\t<div class=\"vc_column-inner\" >\n\t\t<div class=\"wpb_wrapper\">\n\t\t\t<div class=\"team-member\" data-style=\"bio_fullscreen\"><div class=\"team-member-image\"><div class=\"team-member-image-inner\"><img loading=\"lazy\" decoding=\"async\" src=\"https:\/\/atelier-blanche.paris\/wp-content\/uploads\/2026\/08\/ATELIER_BLANCHE49364-scaled.jpg\" width=\"500\" height=\"500\" alt=\"\" \/><\/div><\/div><div class=\"team-member-overlay\"><\/div>\n    <div class=\"team-meta\"><h3>ZOE \u2022 ANAIS<\/h3><p><\/p><div class=\"arrow-end fa fa-angle-right\"><\/div><div class=\"arrow-line\"><\/div><\/div>\n    <div class=\"nectar_team_bio_img\" data-img-src=\"https:\/\/atelier-blanche.paris\/wp-content\/uploads\/2026\/08\/ATELIER_BLANCHE49500-scaled.jpg\"><\/div>\n    <div class=\"nectar_team_bio\"><strong data-start=\"72\" data-end=\"81\">Zo\u00e9<\/strong><br data-start=\"81\" data-end=\"84\" \/>Bustier smock\u00e9 se prolongeant l\u00e9g\u00e8rement sur les hanches, sublim\u00e9 par un fil dor\u00e9 qui structure la mati\u00e8re et souligne la coupe moderne de la pi\u00e8ce. Une silhouette couture, \u00e0 la fois forte et \u00e9l\u00e9gante.<br \/>\n<strong data-start=\"92\" data-end=\"99\">Ana\u00efs<\/strong><br data-start=\"99\" data-end=\"102\" \/>Jupe en organza de soie brod\u00e9 de fils dor\u00e9s, sublim\u00e9e par de d\u00e9licats m\u00e9daillons en bas de jupe. La l\u00e9g\u00e8ret\u00e9 de l\u2019organza associ\u00e9e \u00e0 la richesse de la broderie cr\u00e9e une silhouette \u00e9l\u00e9gante et lumineuse, o\u00f9 chaque d\u00e9tail r\u00e9v\u00e8le le travail artisanal de la pi\u00e8ce.<div class=\"bottom_meta\"><\/div><\/div>\n    <\/div>\n\t\t<\/div> \n\t<\/div>\n\t<\/div> \n<\/div><\/div><div id=\"fws_6a97848623b50\" data-midnight=\"\" data-column-margin=\"default\" class=\"wpb_row vc_row-fluid vc_row inner_row vc_row-o-equal-height vc_row-flex vc_row-o-content-bottom\"  style=\"\"><div class=\"row-bg-wrap\"> <div class=\"row-bg\" ><\/div> <\/div><div class=\"row_col_wrap_12_inner col span_12  left\">\n\t<div  class=\"vc_col-sm-4 wpb_column column_container vc_column_container col child_column has-animation padding-1-percent inherit_tablet inherit_phone \"   data-padding-pos=\"all\" data-has-bg-color=\"false\" data-bg-color=\"\" data-bg-opacity=\"1\" data-animation=\"grow-in\" data-delay=\"0\" >\n\t\t<div class=\"vc_column-inner\" >\n\t\t<div class=\"wpb_wrapper\">\n\t\t\t<div class=\"team-member\" data-style=\"bio_fullscreen\"><div class=\"team-member-image\"><div class=\"team-member-image-inner\"><img loading=\"lazy\" decoding=\"async\" src=\"https:\/\/atelier-blanche.paris\/wp-content\/uploads\/2026\/08\/ATELIER_BLANCHE49718-scaled.jpg\" width=\"500\" height=\"500\" alt=\"\" \/><\/div><\/div><div class=\"team-member-overlay\"><\/div>\n    <div class=\"team-meta\"><h3>EDITH \u2022 ANGELE \u2022 EMILIE<\/h3><p><\/p><div class=\"arrow-end fa fa-angle-right\"><\/div><div class=\"arrow-line\"><\/div><\/div>\n    <div class=\"nectar_team_bio_img\" data-img-src=\"https:\/\/atelier-blanche.paris\/wp-content\/uploads\/2026\/08\/ATELIER_BLANCHE48613-scaled.jpg\"><\/div>\n    <div class=\"nectar_team_bio\"><strong data-start=\"73\" data-end=\"82\">Edith<\/strong><br data-start=\"82\" data-end=\"85\" \/>Bustier en soie sauvage brod\u00e9e d\u2019un travail nid d\u2019abeille au motif fleur r\u00e9p\u00e9t\u00e9, enti\u00e8rement r\u00e9alis\u00e9 \u00e0 la main. Une pi\u00e8ce de haute couture o\u00f9 la noblesse de la mati\u00e8re rencontre la finesse du travail artisanal.<br \/>\n<strong>Ang\u00e8le<br \/>\n<\/strong>Manche en triple organza de soie, structur\u00e9e par trois points de resserrage en nid d\u2019abeille r\u00e9alis\u00e9s \u00e0 la main. Un travail d\u00e9licat qui apporte relief et caract\u00e8re \u00e0 cette pi\u00e8ce tout en pr\u00e9servant la l\u00e9g\u00e8ret\u00e9 de la mati\u00e8re.<strong><br \/>\n<\/strong><strong>Emilie<br \/>\n<\/strong>La jupe \u00c9milie est un classique de la Maison. D\u00e9clin\u00e9e en cr\u00eape de soie ou en satin de soie, elle \u00e9pouse parfaitement la silhouette et r\u00e9v\u00e8le une allure \u00e0 la fois structur\u00e9e et minimaliste.<div class=\"bottom_meta\"><\/div><\/div>\n    <\/div>\n\t\t<\/div> \n\t<\/div>\n\t<\/div> \n\n\t<div  class=\"vc_col-sm-4 wpb_column column_container vc_column_container col child_column has-animation padding-1-percent inherit_tablet inherit_phone \"   data-padding-pos=\"all\" data-has-bg-color=\"false\" data-bg-color=\"\" data-bg-opacity=\"1\" data-animation=\"grow-in\" data-delay=\"100\" >\n\t\t<div class=\"vc_column-inner\" >\n\t\t<div class=\"wpb_wrapper\">\n\t\t\t<div class=\"team-member\" data-style=\"bio_fullscreen\"><div class=\"team-member-image\"><div class=\"team-member-image-inner\"><img loading=\"lazy\" decoding=\"async\" src=\"https:\/\/atelier-blanche.paris\/wp-content\/uploads\/2026\/08\/ATELIER_BLANCHE49324-scaled.jpg\" width=\"500\" height=\"500\" alt=\"\" \/><\/div><\/div><div class=\"team-member-overlay\"><\/div>\n    <div class=\"team-meta\"><h3>PRUNE \u2022 ISADORA<\/h3><p><\/p><div class=\"arrow-end fa fa-angle-right\"><\/div><div class=\"arrow-line\"><\/div><\/div>\n    <div class=\"nectar_team_bio_img\" data-img-src=\"https:\/\/atelier-blanche.paris\/wp-content\/uploads\/2026\/08\/ATELIER_BLANCHE49353-scaled.jpg\"><\/div>\n    <div class=\"nectar_team_bio\"><strong>Prune<\/strong><br \/>\nBustier drap\u00e9 en satin de soie, une silhouette moderne aux lignes structur\u00e9es. Le travail du drap\u00e9 apporte du relief \u00e0 la mati\u00e8re et souligne la construction de la pi\u00e8ce, cr\u00e9ant une allure \u00e0 la fois \u00e9l\u00e9gante, contemporaine et couture.<br \/>\n<strong>Isadora<\/strong><br \/>\nJupe pr\u00e8s du corps en dentelle de Calais rebrod\u00e9e \u00e0 la main de perles et de paillettes. La d\u00e9licatesse du travail artisanal vient sublimer la transparence de la dentelle et cr\u00e9er une silhouette pr\u00e9cieuse, \u00e0 la fois \u00e9l\u00e9gante et r\u00e9solument couture.<div class=\"bottom_meta\"><\/div><\/div>\n    <\/div>\n\t\t<\/div> \n\t<\/div>\n\t<\/div> \n\n\t<div  class=\"vc_col-sm-4 wpb_column column_container vc_column_container col child_column has-animation padding-1-percent inherit_tablet inherit_phone \"   data-padding-pos=\"all\" data-has-bg-color=\"false\" data-bg-color=\"\" data-bg-opacity=\"1\" data-animation=\"grow-in\" data-delay=\"200\" >\n\t\t<div class=\"vc_column-inner\" >\n\t\t<div class=\"wpb_wrapper\">\n\t\t\t<div class=\"team-member\" data-style=\"bio_fullscreen\"><div class=\"team-member-image\"><div class=\"team-member-image-inner\"><img loading=\"lazy\" decoding=\"async\" src=\"https:\/\/atelier-blanche.paris\/wp-content\/uploads\/2026\/08\/ATELIER_BLANCHE49218-scaled.jpg\" width=\"500\" height=\"500\" alt=\"\" \/><\/div><\/div><div class=\"team-member-overlay\"><\/div>\n    <div class=\"team-meta\"><h3>YSEULT \u2022 MILIE \u2022 INDIA \u2022 SIMONA<\/h3><p><\/p><div class=\"arrow-end fa fa-angle-right\"><\/div><div class=\"arrow-line\"><\/div><\/div>\n    <div class=\"nectar_team_bio_img\" data-img-src=\"https:\/\/atelier-blanche.paris\/wp-content\/uploads\/2026\/08\/ATELIER_BLANCHE49218-scaled.jpg\"><\/div>\n    <div class=\"nectar_team_bio\"><strong data-start=\"76\" data-end=\"87\">Yseult<\/strong><br data-start=\"87\" data-end=\"90\" \/>Depuis les premi\u00e8res collections Blanche, le top Yseult s\u2019est impos\u00e9 comme une silhouette signature de la Maison. Pens\u00e9 comme une pi\u00e8ce forte, il revisite l\u2019univers romantique avec une allure r\u00e9solument contemporaine.Son organza de soie brod\u00e9 d\u00e9voile un travail d\u00e9licat de mati\u00e8re, tandis que ses manches bouffantes aux poignets resserr\u00e9s apportent une dimension sculpturale et une pr\u00e9sence unique \u00e0 la silhouette. \u00c0 la fois spectaculaire et facile \u00e0 porter, le top Yseult incarne cette rencontre ch\u00e8re \u00e0 Blanche : l\u2019h\u00e9ritage couture associ\u00e9 \u00e0 une vision moderne de la mari\u00e9e.<br \/>\n<strong>Milie<br \/>\n<\/strong>Bustier en soie sauvage brod\u00e9e, une pi\u00e8ce forte o\u00f9 la noblesse de la mati\u00e8re rencontre la finesse du travail artisanal.<br \/>\n<strong>India<br \/>\n<\/strong>Culotte d\u2019inspiration vintage en soie sauvage brod\u00e9e, une pi\u00e8ce qui revisite l\u2019\u00e9l\u00e9gance des silhouettes d\u2019antan avec une approche contemporaine.<strong><br \/>\nSimona<br \/>\n<\/strong>Jupe volumineuse en organza de soie brod\u00e9, qui apporte une silhouette \u00e0 la fois romantique et couture. Son volume g\u00e9n\u00e9reux cr\u00e9e un effet a\u00e9rien et vaporeux, tandis que la finesse de l\u2019organza r\u00e9v\u00e8le toute la d\u00e9licatesse de la broderie. Une pi\u00e8ce qui joue sur la l\u00e9g\u00e8ret\u00e9 et la beaut\u00e9 du mouvement.<div class=\"bottom_meta\"><\/div><\/div>\n    <\/div>\n\t\t<\/div> \n\t<\/div>\n\t<\/div> \n<\/div><\/div>\n\t\t\t<\/div> \n\t\t<\/div>\n\t<\/div> \n<\/div><\/div>\n","protected":false},"excerpt":{"rendered":"Campagne 2027Pour cette nouvelle collection, BLANCHE imagine une mari\u00e9e \u00e0 contre-courant des repr\u00e9sentations classiques. Les bustiers prennent de nouvelles proportions, les drap\u00e9s embl\u00e9matiques de la Maison se complexifient, tandis que...","protected":false},"author":1,"featured_media":0,"parent":0,"menu_order":0,"comment_status":"closed","ping_status":"closed","template":"","meta":{"footnotes":""},"class_list":["post-101724","page","type-page","status-publish"],"yoast_head":"<!-- This site is optimized with the Yoast SEO plugin v28.4 - https:\/\/yoast.com\/product\/yoast-seo-wordpress\/ -->\n<title>Campagne 2027 - Blanche<\/title>\n<meta name=\"robots\" content=\"index, follow, max-snippet:-1, max-image-preview:large, max-video-preview:-1\" \/>\n<link rel=\"canonical\" href=\"https:\/\/atelier-blanche.paris\/index.php\/campagne-2027\/\" \/>\n<meta property=\"og:locale\" content=\"fr_FR\" \/>\n<meta property=\"og:type\" content=\"article\" \/>\n<meta property=\"og:title\" content=\"Campagne 2027 - Blanche\" \/>\n<meta property=\"og:url\" content=\"https:\/\/atelier-blanche.paris\/index.php\/campagne-2027\/\" \/>\n<meta property=\"og:site_name\" content=\"Blanche\" \/>\n<meta property=\"article:publisher\" content=\"https:\/\/www.facebook.com\/atelierblanchee\" \/>\n<meta property=\"article:modified_time\" content=\"2026-09-01T15:36:00+00:00\" \/>\n<meta property=\"og:image\" content=\"https:\/\/atelier-blanche.paris\/wp-content\/uploads\/2023\/08\/GOOD-1-scaled.jpg\" \/>\n\t<meta property=\"og:image:width\" content=\"2560\" \/>\n\t<meta property=\"og:image:height\" content=\"1440\" \/>\n\t<meta property=\"og:image:type\" content=\"image\/jpeg\" \/>\n<meta name=\"twitter:card\" content=\"summary_large_image\" \/>\n<meta name=\"twitter:label1\" content=\"Dur\u00e9e de lecture estim\u00e9e\" \/>\n\t<meta name=\"twitter:data1\" content=\"18 minutes\" \/>\n<script type=\"application\/ld+json\" class=\"yoast-schema-graph\">{\"@context\":\"https:\\\/\\\/schema.org\",\"@graph\":[{\"@type\":\"WebPage\",\"@id\":\"https:\\\/\\\/atelier-blanche.paris\\\/index.php\\\/campagne-2027\\\/\",\"url\":\"https:\\\/\\\/atelier-blanche.paris\\\/index.php\\\/campagne-2027\\\/\",\"name\":\"Campagne 2027 - Blanche\",\"isPartOf\":{\"@id\":\"https:\\\/\\\/atelier-blanche.paris\\\/#website\"},\"datePublished\":\"2026-07-27T16:14:00+00:00\",\"dateModified\":\"2026-09-01T15:36:00+00:00\",\"breadcrumb\":{\"@id\":\"https:\\\/\\\/atelier-blanche.paris\\\/index.php\\\/campagne-2027\\\/#breadcrumb\"},\"inLanguage\":\"fr-FR\",\"potentialAction\":[{\"@type\":\"ReadAction\",\"target\":[\"https:\\\/\\\/atelier-blanche.paris\\\/index.php\\\/campagne-2027\\\/\"]}]},{\"@type\":\"BreadcrumbList\",\"@id\":\"https:\\\/\\\/atelier-blanche.paris\\\/index.php\\\/campagne-2027\\\/#breadcrumb\",\"itemListElement\":[{\"@type\":\"ListItem\",\"position\":1,\"name\":\"Accueil\",\"item\":\"https:\\\/\\\/atelier-blanche.paris\\\/\"},{\"@type\":\"ListItem\",\"position\":2,\"name\":\"Campagne 2027\"}]},{\"@type\":\"WebSite\",\"@id\":\"https:\\\/\\\/atelier-blanche.paris\\\/#website\",\"url\":\"https:\\\/\\\/atelier-blanche.paris\\\/\",\"name\":\"Blanche\",\"description\":\"Le sur-mesure, la patte BLANCHE\",\"publisher\":{\"@id\":\"https:\\\/\\\/atelier-blanche.paris\\\/#organization\"},\"potentialAction\":[{\"@type\":\"SearchAction\",\"target\":{\"@type\":\"EntryPoint\",\"urlTemplate\":\"https:\\\/\\\/atelier-blanche.paris\\\/?s={search_term_string}\"},\"query-input\":{\"@type\":\"PropertyValueSpecification\",\"valueRequired\":true,\"valueName\":\"search_term_string\"}}],\"inLanguage\":\"fr-FR\"},{\"@type\":\"Organization\",\"@id\":\"https:\\\/\\\/atelier-blanche.paris\\\/#organization\",\"name\":\"Blanche\",\"url\":\"https:\\\/\\\/atelier-blanche.paris\\\/\",\"logo\":{\"@type\":\"ImageObject\",\"inLanguage\":\"fr-FR\",\"@id\":\"https:\\\/\\\/atelier-blanche.paris\\\/#\\\/schema\\\/logo\\\/image\\\/\",\"url\":\"https:\\\/\\\/atelier-blanche.paris\\\/wp-content\\\/uploads\\\/2022\\\/07\\\/blanche-vectorise\u0301_b-1.png\",\"contentUrl\":\"https:\\\/\\\/atelier-blanche.paris\\\/wp-content\\\/uploads\\\/2022\\\/07\\\/blanche-vectorise\u0301_b-1.png\",\"width\":1164,\"height\":643,\"caption\":\"Blanche\"},\"image\":{\"@id\":\"https:\\\/\\\/atelier-blanche.paris\\\/#\\\/schema\\\/logo\\\/image\\\/\"},\"sameAs\":[\"https:\\\/\\\/www.facebook.com\\\/atelierblanchee\",\"https:\\\/\\\/www.pinterest.fr\\\/atelier_blanche\\\/\"]}]}<\/script>\n<!-- \/ Yoast SEO plugin. -->","yoast_head_json":{"title":"Campagne 2027 - Blanche","robots":{"index":"index","follow":"follow","max-snippet":"max-snippet:-1","max-image-preview":"max-image-preview:large","max-video-preview":"max-video-preview:-1"},"canonical":"https:\/\/atelier-blanche.paris\/index.php\/campagne-2027\/","og_locale":"fr_FR","og_type":"article","og_title":"Campagne 2027 - Blanche","og_url":"https:\/\/atelier-blanche.paris\/index.php\/campagne-2027\/","og_site_name":"Blanche","article_publisher":"https:\/\/www.facebook.com\/atelierblanchee","article_modified_time":"2026-09-01T15:36:00+00:00","og_image":[{"width":2560,"height":1440,"url":"https:\/\/atelier-blanche.paris\/wp-content\/uploads\/2023\/08\/GOOD-1-scaled.jpg","type":"image\/jpeg"}],"twitter_card":"summary_large_image","twitter_misc":{"Dur\u00e9e de lecture estim\u00e9e":"18 minutes"},"schema":{"@context":"https:\/\/schema.org","@graph":[{"@type":"WebPage","@id":"https:\/\/atelier-blanche.paris\/index.php\/campagne-2027\/","url":"https:\/\/atelier-blanche.paris\/index.php\/campagne-2027\/","name":"Campagne 2027 - Blanche","isPartOf":{"@id":"https:\/\/atelier-blanche.paris\/#website"},"datePublished":"2026-07-27T16:14:00+00:00","dateModified":"2026-09-01T15:36:00+00:00","breadcrumb":{"@id":"https:\/\/atelier-blanche.paris\/index.php\/campagne-2027\/#breadcrumb"},"inLanguage":"fr-FR","potentialAction":[{"@type":"ReadAction","target":["https:\/\/atelier-blanche.paris\/index.php\/campagne-2027\/"]}]},{"@type":"BreadcrumbList","@id":"https:\/\/atelier-blanche.paris\/index.php\/campagne-2027\/#breadcrumb","itemListElement":[{"@type":"ListItem","position":1,"name":"Accueil","item":"https:\/\/atelier-blanche.paris\/"},{"@type":"ListItem","position":2,"name":"Campagne 2027"}]},{"@type":"WebSite","@id":"https:\/\/atelier-blanche.paris\/#website","url":"https:\/\/atelier-blanche.paris\/","name":"Blanche","description":"Le sur-mesure, la patte BLANCHE","publisher":{"@id":"https:\/\/atelier-blanche.paris\/#organization"},"potentialAction":[{"@type":"SearchAction","target":{"@type":"EntryPoint","urlTemplate":"https:\/\/atelier-blanche.paris\/?s={search_term_string}"},"query-input":{"@type":"PropertyValueSpecification","valueRequired":true,"valueName":"search_term_string"}}],"inLanguage":"fr-FR"},{"@type":"Organization","@id":"https:\/\/atelier-blanche.paris\/#organization","name":"Blanche","url":"https:\/\/atelier-blanche.paris\/","logo":{"@type":"ImageObject","inLanguage":"fr-FR","@id":"https:\/\/atelier-blanche.paris\/#\/schema\/logo\/image\/","url":"https:\/\/atelier-blanche.paris\/wp-content\/uploads\/2022\/07\/blanche-vectorise\u0301_b-1.png","contentUrl":"https:\/\/atelier-blanche.paris\/wp-content\/uploads\/2022\/07\/blanche-vectorise\u0301_b-1.png","width":1164,"height":643,"caption":"Blanche"},"image":{"@id":"https:\/\/atelier-blanche.paris\/#\/schema\/logo\/image\/"},"sameAs":["https:\/\/www.facebook.com\/atelierblanchee","https:\/\/www.pinterest.fr\/atelier_blanche\/"]}]}},"_links":{"self":[{"href":"https:\/\/atelier-blanche.paris\/index.php\/wp-json\/wp\/v2\/pages\/101724","targetHints":{"allow":["GET"]}}],"collection":[{"href":"https:\/\/atelier-blanche.paris\/index.php\/wp-json\/wp\/v2\/pages"}],"about":[{"href":"https:\/\/atelier-blanche.paris\/index.php\/wp-json\/wp\/v2\/types\/page"}],"author":[{"embeddable":true,"href":"https:\/\/atelier-blanche.paris\/index.php\/wp-json\/wp\/v2\/users\/1"}],"replies":[{"embeddable":true,"href":"https:\/\/atelier-blanche.paris\/index.php\/wp-json\/wp\/v2\/comments?post=101724"}],"version-history":[{"count":23,"href":"https:\/\/atelier-blanche.paris\/index.php\/wp-json\/wp\/v2\/pages\/101724\/revisions"}],"predecessor-version":[{"id":102292,"href":"https:\/\/atelier-blanche.paris\/index.php\/wp-json\/wp\/v2\/pages\/101724\/revisions\/102292"}],"wp:attachment":[{"href":"https:\/\/atelier-blanche.paris\/index.php\/wp-json\/wp\/v2\/media?parent=101724"}],"curies":[{"name":"wp","href":"https:\/\/api.w.org\/{rel}","templated":true}]}}